{"id":3637,"date":"2011-07-26T19:40:15","date_gmt":"2011-07-26T17:40:15","guid":{"rendered":"http:\/\/daviddelval.com\/?page_id=116"},"modified":"2017-08-23T20:03:53","modified_gmt":"2017-08-23T20:03:53","slug":"sobre-mi","status":"publish","type":"page","link":"https:\/\/www.daviddelval.com\/ca\/sobre-mi\/","title":{"rendered":"SOBRE MI"},"content":{"rendered":"<h3 style=\"text-align: left;\">Us presento l&#8217;origen del meu inter\u00e8s per<strong> la fotografia<\/strong>, quelcom que em va marcar des de petit i em pasava hores fullejant:<\/h3>\n<p><img decoding=\"async\" loading=\"lazy\" class=\"aligncenter wp-image-3779 size-full\" src=\"http:\/\/daviddelval.com\/wp-content\/uploads\/2015\/08\/llibre-e1439450885203.jpg\" alt=\"foto llibre boda\" width=\"1000\" height=\"566\" \/><\/p>\n<h1 style=\"text-align: center;\"><strong>L&#8217;\u00e0lbum de la boda dels meus pares de l&#8217;any 1963!<\/strong><\/h1>\n<p>En ell vaig descobrir familiars que no vaig tenir la sort de con\u00e8ixer personalment, com el meu avi, i sobre tot vaig poder ser testimoni del dia m\u00e9s important de les seves vides, quan va comen\u00e7ar quelcom que encara avui dura. A m\u00e9s a m\u00e9s del seu amor i de la familia que van formar, aquest \u00e0lbum \u00e9s l&#8217;\u00fanic que queda d&#8217;aquella celebraci\u00f3. Cada cop que l&#8217;obro revisc els seus records, els seus somriures, les seves emocions i m&#8217;emociono amb ells. Em sembla m\u00e0gic sentir aix\u00f2 cinquantados anys despr\u00e9s d&#8217;aquell 15 d&#8217;Agost de 1963 i aquest record tan sols \u00e9s possible gr\u00e0cies a la fotografia. M&#8217;emociona igualment pensar que persones que ni existeixen encara puguin sentir el mateix que jo d&#8217;aqu\u00ed a cinc d\u00e8cades quan vegin les fotografies que faig pels meus clients.<br \/>\n<div class=\"row column-row\">\n<div class=\"one-half column\"><h3>Amb el pas del temps tan sols recordarem amb nitidesa aquells moments capturats en fotos. I tots mereixem que aquestes reprodueixin de la millor manera all\u00f2 que vam viure.<\/h3>\n<p><img decoding=\"async\" loading=\"lazy\" class=\"alignleft wp-image-3780 size-medium\" src=\"http:\/\/daviddelval.com\/wp-content\/uploads\/2015\/08\/DAV2807q1-300x300.jpg\" alt=\"llibre obert book boda fotograf lleida\" width=\"300\" height=\"300\" \/> Per a mi \u00e9s important l&#8217;autenticitat en la meva fotografia, por aix\u00f2 valoro molt que a les fotos siguis tu mateix. La personalitat l&#8217;has de posar tu, jo m&#8217;encarregar\u00e9 de la t\u00e8cnica i de l&#8217;estil fotogr\u00e0fic. Aquest \u00e9s el millor cam\u00ed per a que t&#8217;hi reconeguis i t&#8217;agradis a les fotos.<br \/>\nAconseguir que la nostra relaci\u00f3 estigui basada en la confian\u00e7a i la sinceritat far\u00e0 que sigui molt m\u00e9s f\u00e0cil que et fotografi\u00ef i que quedis encantat\/da amb el resultat. Per aix\u00f2 ser\u00e0 millor veure&#8217;ns o parlar per Skype abans de realitzar les fotos. Despr\u00e9s recorrer\u00e9 els quil\u00f2metres que ens separen, visquis on visquis.<br \/>\nIntento que en els meus reportatges de boda i sessions hi hagi un equilibri en la fusi\u00f3 del fotoperiodisme i de la fotografia art\u00edstica. Aquesta \u00faltima la he estat desenvolupant en els meus treballs personals per a exposicions, museus i festivals internacionals durant els darrers 20 anys que fa que em dedico professionalment a la fotografia.<br \/>\nPer\u00f2 el m\u00e9s important per mi despr\u00e9s de tu \u00e9s LA LLUM. \u00c9s el meu estri de treball, la meva obsessi\u00f3 i el que far\u00e0 que brillis i t&#8217;emocionis quan vegis el resultat.<\/p>\n<\/div>\n<div class=\"eight columns\"><p><img decoding=\"async\" loading=\"lazy\" class=\" size-medium wp-image-3784 alignleft\" src=\"http:\/\/daviddelval.com\/wp-content\/uploads\/2011\/07\/mail.google.com_-300x300.jpg\" alt=\"David del Val\" width=\"300\" height=\"300\" srcset=\"https:\/\/www.daviddelval.com\/wp-content\/uploads\/2011\/07\/mail.google.com_-300x300.jpg 300w, https:\/\/www.daviddelval.com\/wp-content\/uploads\/2011\/07\/mail.google.com_-150x150.jpg 150w\" sizes=\"(max-width: 300px) 100vw, 300px\" \/>David del Val (Lleida, 1976) va obtenir al 2005 el Premio Lux de Oro en reportatge social, concedit per l&#8217;<strong>Asociaci\u00f3n de Fot\u00f3grafos Profesionales<\/strong> de Espa\u00f1a. Les seves col.leccions, com el S\u00ed, Clero (finalista als Premios Lux 2008 i Emergent\u201908), s&#8217;han projectat a diverses ciutats (Bristol, Madrid, Barcelona, Lleida, Sevilla, Tarragona, etc.) Al 2009 va exposar a la Galer\u00eda Hartmann de Barcelona la s\u00e8rie fotogr\u00e0fica Cry, Crisis, obra amb la que dos anys m\u00e9s tard la plataforma activista Occupy Wall Street encap\u00e7al\u00e0 la seva campanya de rebuig a la borsa de New York. Una selecci\u00f3 de la seva obra s&#8217;ha mostrat a la Fundaci\u00f3 Foto Colectania (Barcelona) i ha adquirit obra seva la Galeria Tagomago despr\u00e9s d&#8217;exposar-la a la Galeria Valid Foto de Barcelona. Al 2010 tamb\u00e9 presenta la seva obra Autotomia humana a la Sala G\u00f2tica de l\u2019Institut d\u2019Estudis Ilerdencs, i la col.lecci\u00f3 de retrats Pantumaca s&#8217;exhibeix al Museo del Traje (Madrid).<br \/>\nEl febrer del 2011 exposa Espais Comuns a la Galeria enArt&amp;Co i al festival Fotonoviembre de Sta. Cruz de Tenerife. Al 2014 exposa a Valid Foto una mostra del seu treball en curs Waiting Room.<br \/>\nAl camp de la publicitat ha realizat campanyes per a marques com General \u00d3ptica, Natural Optics, Talika, Alfaparf Milano, cadenes de televisi\u00f3 com Antena3 i Tele5, productores com El Terrat, cases discogr\u00e0fiques, ha treballat durant 4 anys per a la revista CUINA i \u00e9s tamb\u00e9 l&#8217;autor de la fotografia de portada de Digo yo, llibre de l&#8217;Andreu Buenafuente.<\/p>\n<p>En els darrers 4 anys ha estat gauardonat amb diversos premis internacionals de fotografia de boda: <strong>7 Fearless Awards, 17 Premis WedFotoSpain i 2n Premi a la 3\u00aa Convenci\u00f3n Internacional Foro de Fot\u00f3grafos.<\/strong>.<\/p>\n<\/div>\n<\/div>\n<div class=\"row column-row\">\n<div class=\"ten columns\"><p><span style=\"font-family: Nexa Light; font-size: large;\">Directoris als que pertanyo:<\/span><br \/>\n<img decoding=\"async\" loading=\"lazy\" class=\"alignnone wp-image-3778 size-full\" src=\"https:\/\/www.daviddelval.com\/wp-content\/uploads\/\/2015\/08\/wed.png\" alt=\"wed fotografos Lleida\" width=\"483\" height=\"105\" srcset=\"https:\/\/www.daviddelval.com\/wp-content\/uploads\/2015\/08\/wed.png 483w, https:\/\/www.daviddelval.com\/wp-content\/uploads\/2015\/08\/wed-370x80.png 370w\" sizes=\"(max-width: 483px) 100vw, 483px\" \/> <img decoding=\"async\" loading=\"lazy\" class=\"alignnone size-full wp-image-3781\" src=\"http:\/\/daviddelval.com\/wp-content\/uploads\/2015\/08\/fearles.png\" alt=\"fearles\" width=\"105\" height=\"105\" \/> <img decoding=\"async\" loading=\"lazy\" class=\"alignnone size-full wp-image-3777\" src=\"http:\/\/daviddelval.com\/wp-content\/uploads\/2015\/08\/mywed.png\" alt=\"mywed\" width=\"250\" height=\"102\" \/><\/p>\n<\/div>\n<\/div>","protected":false},"excerpt":{"rendered":"<p>Us presento l&#8217;origen del meu inter\u00e8s per la fotografia, quelcom que em va marcar des de petit i em pasava&#8230;<\/p>\n","protected":false},"author":1,"featured_media":0,"parent":0,"menu_order":0,"comment_status":"open","ping_status":"open","template":"","meta":[],"yoast_head":"<!-- This site is optimized with the Yoast SEO plugin v20.3 - https:\/\/yoast.com\/wordpress\/plugins\/seo\/ -->\n<title>SOBRE MI - DAVID DEL VAL FOTOGRAFO DE BODA LLEIDA BARCELONA GIRONA TARRAGONA FOTOGRAF BARCELONA WEDDING PHOTOGRAPHER RETRAT REPORTATGE COMUNIO NENS FAMILIA Y EMBARAS<\/title>\n<meta name=\"robots\" content=\"index, follow, max-snippet:-1, max-image-preview:large, max-video-preview:-1\" \/>\n<link rel=\"canonical\" href=\"https:\/\/www.daviddelval.com\/sobre-mi\/\" \/>\n<meta property=\"og:locale\" content=\"es_ES\" \/>\n<meta property=\"og:type\" content=\"article\" \/>\n<meta property=\"og:title\" content=\"SOBRE MI - DAVID DEL VAL FOTOGRAFO DE BODA LLEIDA BARCELONA GIRONA TARRAGONA FOTOGRAF BARCELONA WEDDING PHOTOGRAPHER RETRAT REPORTATGE COMUNIO NENS FAMILIA Y EMBARAS\" \/>\n<meta property=\"og:description\" content=\"Us presento l&#8217;origen del meu inter\u00e8s per la fotografia, quelcom que em va marcar des de petit i em pasava...\" \/>\n<meta property=\"og:url\" content=\"https:\/\/www.daviddelval.com\/sobre-mi\/\" \/>\n<meta property=\"og:site_name\" content=\"DAVID DEL VAL FOTOGRAFO DE BODA LLEIDA BARCELONA GIRONA TARRAGONA FOTOGRAF BARCELONA WEDDING PHOTOGRAPHER RETRAT REPORTATGE COMUNIO NENS FAMILIA Y EMBARAS\" \/>\n<meta property=\"article:publisher\" content=\"https:\/\/www.facebook.com\/david.delvalfoto\" \/>\n<meta property=\"article:modified_time\" content=\"2017-08-23T20:03:53+00:00\" \/>\n<meta property=\"og:image\" content=\"http:\/\/daviddelval.com\/wp-content\/uploads\/2015\/08\/llibre-e1439450885203.jpg\" \/>\n<meta name=\"twitter:card\" content=\"summary_large_image\" \/>\n<meta name=\"twitter:site\" content=\"@DaviddelValFoto\" \/>\n<meta name=\"twitter:label1\" content=\"Est. reading time\" \/>\n\t<meta name=\"twitter:data1\" content=\"11 minutes\" \/>\n<script type=\"application\/ld+json\" class=\"yoast-schema-graph\">{\"@context\":\"https:\/\/schema.org\",\"@graph\":[{\"@type\":\"WebPage\",\"@id\":\"https:\/\/www.daviddelval.com\/sobre-mi\/\",\"url\":\"https:\/\/www.daviddelval.com\/sobre-mi\/\",\"name\":\"SOBRE MI - DAVID DEL VAL FOTOGRAFO DE BODA LLEIDA BARCELONA GIRONA TARRAGONA FOTOGRAF BARCELONA WEDDING PHOTOGRAPHER RETRAT REPORTATGE COMUNIO NENS FAMILIA Y EMBARAS\",\"isPartOf\":{\"@id\":\"https:\/\/www.daviddelval.com\/#website\"},\"datePublished\":\"2011-07-26T17:40:15+00:00\",\"dateModified\":\"2017-08-23T20:03:53+00:00\",\"breadcrumb\":{\"@id\":\"https:\/\/www.daviddelval.com\/sobre-mi\/#breadcrumb\"},\"inLanguage\":\"es-CA\",\"potentialAction\":[{\"@type\":\"ReadAction\",\"target\":[\"https:\/\/www.daviddelval.com\/sobre-mi\/\"]}]},{\"@type\":\"BreadcrumbList\",\"@id\":\"https:\/\/www.daviddelval.com\/sobre-mi\/#breadcrumb\",\"itemListElement\":[{\"@type\":\"ListItem\",\"position\":1,\"name\":\"Portada\",\"item\":\"https:\/\/www.daviddelval.com\/\"},{\"@type\":\"ListItem\",\"position\":2,\"name\":\"ACERCA DE M\u00cd\"}]},{\"@type\":\"WebSite\",\"@id\":\"https:\/\/www.daviddelval.com\/#website\",\"url\":\"https:\/\/www.daviddelval.com\/\",\"name\":\"DAVID DEL VAL FOTOGRAFO DE BODA LLEIDA BARCELONA GIRONA TARRAGONA FOTOGRAF BARCELONA WEDDING PHOTOGRAPHER RETRAT REPORTATGE COMUNIO NENS FAMILIA Y EMBARAS\",\"description\":\"David del Val Fotograf\u00eda\",\"potentialAction\":[{\"@type\":\"SearchAction\",\"target\":{\"@type\":\"EntryPoint\",\"urlTemplate\":\"https:\/\/www.daviddelval.com\/?s={search_term_string}\"},\"query-input\":\"required name=search_term_string\"}],\"inLanguage\":\"es-CA\"}]}<\/script>\n<!-- \/ Yoast SEO plugin. -->","yoast_head_json":{"title":"SOBRE MI - DAVID DEL VAL FOTOGRAFO DE BODA LLEIDA BARCELONA GIRONA TARRAGONA FOTOGRAF BARCELONA WEDDING PHOTOGRAPHER RETRAT REPORTATGE COMUNIO NENS FAMILIA Y EMBARAS","robots":{"index":"index","follow":"follow","max-snippet":"max-snippet:-1","max-image-preview":"max-image-preview:large","max-video-preview":"max-video-preview:-1"},"canonical":"https:\/\/www.daviddelval.com\/sobre-mi\/","og_locale":"es_ES","og_type":"article","og_title":"SOBRE MI - DAVID DEL VAL FOTOGRAFO DE BODA LLEIDA BARCELONA GIRONA TARRAGONA FOTOGRAF BARCELONA WEDDING PHOTOGRAPHER RETRAT REPORTATGE COMUNIO NENS FAMILIA Y EMBARAS","og_description":"Us presento l&#8217;origen del meu inter\u00e8s per la fotografia, quelcom que em va marcar des de petit i em pasava...","og_url":"https:\/\/www.daviddelval.com\/sobre-mi\/","og_site_name":"DAVID DEL VAL FOTOGRAFO DE BODA LLEIDA BARCELONA GIRONA TARRAGONA FOTOGRAF BARCELONA WEDDING PHOTOGRAPHER RETRAT REPORTATGE COMUNIO NENS FAMILIA Y EMBARAS","article_publisher":"https:\/\/www.facebook.com\/david.delvalfoto","article_modified_time":"2017-08-23T20:03:53+00:00","og_image":[{"url":"http:\/\/daviddelval.com\/wp-content\/uploads\/2015\/08\/llibre-e1439450885203.jpg"}],"twitter_card":"summary_large_image","twitter_site":"@DaviddelValFoto","twitter_misc":{"Est. reading time":"11 minutes"},"schema":{"@context":"https:\/\/schema.org","@graph":[{"@type":"WebPage","@id":"https:\/\/www.daviddelval.com\/sobre-mi\/","url":"https:\/\/www.daviddelval.com\/sobre-mi\/","name":"SOBRE MI - DAVID DEL VAL FOTOGRAFO DE BODA LLEIDA BARCELONA GIRONA TARRAGONA FOTOGRAF BARCELONA WEDDING PHOTOGRAPHER RETRAT REPORTATGE COMUNIO NENS FAMILIA Y EMBARAS","isPartOf":{"@id":"https:\/\/www.daviddelval.com\/#website"},"datePublished":"2011-07-26T17:40:15+00:00","dateModified":"2017-08-23T20:03:53+00:00","breadcrumb":{"@id":"https:\/\/www.daviddelval.com\/sobre-mi\/#breadcrumb"},"inLanguage":"es-CA","potentialAction":[{"@type":"ReadAction","target":["https:\/\/www.daviddelval.com\/sobre-mi\/"]}]},{"@type":"BreadcrumbList","@id":"https:\/\/www.daviddelval.com\/sobre-mi\/#breadcrumb","itemListElement":[{"@type":"ListItem","position":1,"name":"Portada","item":"https:\/\/www.daviddelval.com\/"},{"@type":"ListItem","position":2,"name":"ACERCA DE M\u00cd"}]},{"@type":"WebSite","@id":"https:\/\/www.daviddelval.com\/#website","url":"https:\/\/www.daviddelval.com\/","name":"DAVID DEL VAL FOTOGRAFO DE BODA LLEIDA BARCELONA GIRONA TARRAGONA FOTOGRAF BARCELONA WEDDING PHOTOGRAPHER RETRAT REPORTATGE COMUNIO NENS FAMILIA Y EMBARAS","description":"David del Val Fotograf\u00eda","potentialAction":[{"@type":"SearchAction","target":{"@type":"EntryPoint","urlTemplate":"https:\/\/www.daviddelval.com\/?s={search_term_string}"},"query-input":"required name=search_term_string"}],"inLanguage":"es-CA"}]}},"_links":{"self":[{"href":"https:\/\/www.daviddelval.com\/ca\/wp-json\/wp\/v2\/pages\/3637"}],"collection":[{"href":"https:\/\/www.daviddelval.com\/ca\/wp-json\/wp\/v2\/pages"}],"about":[{"href":"https:\/\/www.daviddelval.com\/ca\/wp-json\/wp\/v2\/types\/page"}],"author":[{"embeddable":true,"href":"https:\/\/www.daviddelval.com\/ca\/wp-json\/wp\/v2\/users\/1"}],"replies":[{"embeddable":true,"href":"https:\/\/www.daviddelval.com\/ca\/wp-json\/wp\/v2\/comments?post=3637"}],"version-history":[{"count":55,"href":"https:\/\/www.daviddelval.com\/ca\/wp-json\/wp\/v2\/pages\/3637\/revisions"}],"predecessor-version":[{"id":5456,"href":"https:\/\/www.daviddelval.com\/ca\/wp-json\/wp\/v2\/pages\/3637\/revisions\/5456"}],"wp:attachment":[{"href":"https:\/\/www.daviddelval.com\/ca\/wp-json\/wp\/v2\/media?parent=3637"}],"curies":[{"name":"wp","href":"https:\/\/api.w.org\/{rel}","templated":true}]}}